{"id":2798,"date":"2015-07-07T12:40:26","date_gmt":"2015-07-07T12:40:26","guid":{"rendered":"http:\/\/huisclos.com\/new\/index.php\/home\/"},"modified":"2025-08-13T17:08:33","modified_gmt":"2025-08-13T16:08:33","slug":"home","status":"publish","type":"page","link":"http:\/\/huisclos.com\/","title":{"rendered":"Accueil"},"content":{"rendered":"<p>[vc_row][vc_column css=\u00a0\u00bb.vc_custom_1444268393839{margin-bottom: -40px !important;}\u00a0\u00bb]<h2 class=\"eut-element eut-align-center eut-title-line eut-animated-item eut-fadeIn\" style=\"\" data-delay=\"200\"><span>Gestion<\/span><\/h2>[\/vc_column][\/vc_row][vc_row flex_height=\u00a0\u00bbyes\u00a0\u00bb margin_bottom=\u00a0\u00bb0&Prime; padding_bottom=\u00a0\u00bb120&Prime;][vc_column width=\u00a0\u00bb1\/4&Prime; css=\u00a0\u00bb.vc_custom_1444246434213{margin-bottom: 20px !important;}\u00a0\u00bb]<div class=\"eut-element eut-image eut-animated-item eut-fadeInLeft eut-align-center\" style=\"\" data-delay=\"200\"><img width=\"1707\" height=\"2560\" src=\"http:\/\/huisclos.com\/wp-content\/uploads\/2021\/08\/Jean-La-Couture-2018-1-scaled.jpg\" class=\"attachment-full size-full\" alt=\"\" loading=\"lazy\" srcset=\"http:\/\/huisclos.com\/wp-content\/uploads\/2021\/08\/Jean-La-Couture-2018-1-scaled.jpg 1707w, http:\/\/huisclos.com\/wp-content\/uploads\/2021\/08\/Jean-La-Couture-2018-1-200x300.jpg 200w, http:\/\/huisclos.com\/wp-content\/uploads\/2021\/08\/Jean-La-Couture-2018-1-683x1024.jpg 683w, http:\/\/huisclos.com\/wp-content\/uploads\/2021\/08\/Jean-La-Couture-2018-1-768x1152.jpg 768w, http:\/\/huisclos.com\/wp-content\/uploads\/2021\/08\/Jean-La-Couture-2018-1-1024x1536.jpg 1024w, http:\/\/huisclos.com\/wp-content\/uploads\/2021\/08\/Jean-La-Couture-2018-1-1365x2048.jpg 1365w, http:\/\/huisclos.com\/wp-content\/uploads\/2021\/08\/Jean-La-Couture-2018-1-1280x1920.jpg 1280w\" sizes=\"(max-width: 1707px) 100vw, 1707px\" \/><\/div>[\/vc_column][vc_column width=\u00a0\u00bb3\/4&Prime;][vc_column_text animation=\u00a0\u00bbfadeInRight\u00a0\u00bb]<\/p>\n<p style=\"text-align: left;\"><em><strong>Jean La Couture, FCPA. <\/strong><\/em>Dipl\u00f4m\u00e9 du HEC Montr\u00e9al, est admis \u00e0 l\u2019Institut des comptables agr\u00e9\u00e9s en 1967. Il re\u00e7oit le titre de Fellow de l\u2019Ordre des comptables professionnels agr\u00e9\u00e9s du Qu\u00e9bec en 1989.<\/p>\n<p>Il d\u00e9bute sa carri\u00e8re au Groupe Mallette (comptables agr\u00e9\u00e9s), est nomm\u00e9 pr\u00e9sident d\u2019une filiale, Calculus, cie d\u2019informatique lt\u00e9e, en 1972 et pr\u00e9sident du groupe en 1981.<\/p>\n<p>En 1990, il devient pr\u00e9sident et chef de la direction de La Garantie, compagnie d\u2019assurance de l\u2019Am\u00e9rique du Nord, une compagnie d\u2019assurance sp\u00e9cialis\u00e9e.<\/p>\n<p>En 1995, il fonde Huis Clos limit\u00e9e.[\/vc_column_text][\/vc_column][vc_column][vc_row_inner][vc_column_inner width=\u00a0\u00bb1\/2&Prime;][vc_column_text animation=\u00a0\u00bbfadeInLeft\u00a0\u00bb]<\/p>\n<p style=\"text-align: left;\"><strong>Fort de 22 ans d\u2019exp\u00e9rience \u00e0 la direction d\u2019entreprises, Jean La Couture, FCA, s\u2019implique au niveau de la haute direction des entreprises.<\/strong><\/p>\n<ul>\n<li style=\"text-align: left;\">Pr\u00e9sident int\u00e9rimaire<\/li>\n<li style=\"text-align: left;\">Conseiller sp\u00e9cial \u00e0 la direction<\/li>\n<li style=\"text-align: left;\">Repr\u00e9sentant de l\u2019actionnaire aupr\u00e8s de la direction<\/li>\n<li style=\"text-align: left;\">Aviseur pour l\u2019investisseur institutionnel<\/li>\n<\/ul>\n<p><strong>Il si\u00e8ge ou a si\u00e9g\u00e9 au sein de conseils d\u2019administration importants :<\/strong><\/p>\n<p><span style=\"text-decoration: underline;\">\u00c0 titre d\u2019administrateur\u00a0et de pr\u00e9sident du comit\u00e9 d\u2019investissement et de gestion des risques<\/span><\/p>\n<ul>\n<li>Caisse de d\u00e9p\u00f4t et placement du Qu\u00e9bec (2013-2022)<\/li>\n<\/ul>\n<p>[\/vc_column_text][\/vc_column_inner][vc_column_inner width=\u00a0\u00bb1\/2&Prime;][vc_column_text css=\u00a0\u00bb.vc_custom_1445967615364{padding-top: -10px !important;padding-bottom: -10px !important;}\u00a0\u00bb]<a name=\"mediation-commerciale\"><\/a>[\/vc_column_text][vc_column_text animation=\u00a0\u00bbfadeInRight\u00a0\u00bb]<\/p>\n<p><span style=\"text-decoration: underline;\">\u00c0 titre de pr\u00e9sident du conseil<\/span><\/p>\n<ul>\n<li>Innergex \u00e9nergie renouvelable inc. (2003-2021)<\/li>\n<li>Groupe Pomerleau (1995-2019)<\/li>\n<\/ul>\n<p><span style=\"text-decoration: underline;\">\u00c0 titre d\u2019administrateur et de pr\u00e9sident du comit\u00e9 d\u2019audit<\/span><\/p>\n<ul>\n<li>Quebecor inc. (2003-2018)<\/li>\n<\/ul>\n<p><span style=\"text-decoration: underline;\">\u00c9galement<\/span><\/p>\n<ul>\n<li>Mandats d\u2019achat et de vente d\u2019entreprises et gestion int\u00e9rimaire<\/li>\n<\/ul>\n<p>[\/vc_column_text][\/vc_column_inner][\/vc_row_inner][\/vc_column][\/vc_row][vc_row bg_type=\u00a0\u00bbimage\u00a0\u00bb bg_image_type=\u00a0\u00bbparallax\u00a0\u00bb color_overlay=\u00a0\u00bblight\u00a0\u00bb opacity_overlay=\u00a0\u00bb80&Prime; header_feature=\u00a0\u00bbyes\u00a0\u00bb footer_feature=\u00a0\u00bbyes\u00a0\u00bb bg_image=\u00a0\u00bb7043&Prime; padding_top=\u00a0\u00bb20px\u00a0\u00bb padding_bottom=\u00a0\u00bb20px\u00a0\u00bb margin_bottom=\u00a0\u00bb20px\u00a0\u00bb][vc_column]<h2 class=\"eut-element eut-align-center eut-title-line eut-animated-item eut-fadeIn\" style=\"\" data-delay=\"200\"><span>M\u00e9diation commerciale<\/span><\/h2>[\/vc_column][vc_column width=\u00a0\u00bb2\/3&Prime; css=\u00a0\u00bb.vc_custom_1444251184160{margin-top: 15px !important;}\u00a0\u00bb][vc_column_text animation=\u00a0\u00bbfadeInLeft\u00a0\u00bb]Un chef d\u2019entreprise, petite, moyenne ou grande, est bien plac\u00e9 pour savoir qu\u2019en affaires, il est in\u00e9vitable que surviennent un jour ou l\u2019autre des diff\u00e9rends entre clients et fournisseurs ou entre partenaires. Quand surgit un conflit d\u2019affaires, les parties ont toujours int\u00e9r\u00eat \u00e0 le r\u00e9gler le plus rapidement possible et \u00e0 \u00e9viter des proc\u00e9dures judiciaires longues et on\u00e9reuses. Quand le conflit survient avec un client important, le chef d\u2019entreprise responsable voudra trouver un arrangement rapide pour \u00e9viter de compromettre une relation d\u2019affaires fructueuse, sans pour autant tout accorder au demandeur.<\/p>\n<p>Huis Clos offre des services de m\u00e9diation commerciale.<\/p>\n<p>Communiquez avec nous pour de plus amples d\u00e9tails sur la m\u00e9diation commerciale.[\/vc_column_text][vc_column_text]<a name=\"gestion-d-associations\"><\/a>[\/vc_column_text][\/vc_column][vc_column width=\u00a0\u00bb1\/3&Prime;][vc_column_text animation=\u00a0\u00bbfadeInRight\u00a0\u00bb]Les principaux avantages de faire appel \u00e0 la m\u00e9diation et \u00e0 Huis Clos\u00a0:<\/p>\n<ul>\n<li>La rapidit\u00e9<\/li>\n<li>La direction peut se concentrer sur l\u2019avenir de l\u2019entreprise<\/li>\n<li>L\u2019\u00e9conomie<\/li>\n<li>La confidentialit\u00e9<\/li>\n<li>Aucune note inscrite aux \u00e9tats financiers<\/li>\n<li>Les parties ne sont jamais exclues du processus<\/li>\n<li>Les bonnes relations entre les parties sont pr\u00e9serv\u00e9es<\/li>\n<\/ul>\n<p>[\/vc_column_text][\/vc_column][\/vc_row][vc_row padding_top=\u00a0\u00bb55px\u00a0\u00bb][vc_column]<h2 class=\"eut-element eut-align-center eut-title-line eut-animated-item eut-fadeIn\" style=\"\" data-delay=\"200\"><span>Gestion d'associations<\/span><\/h2>[vc_column_text animation=\u00a0\u00bbfadeInDown\u00a0\u00bb]Huis Clos assume la gestion globale d&rsquo;associations sectorielles :<\/p>\n<ul>\n<li>L\u2019Institut de m\u00e9diation et d\u2019arbitrage du Qu\u00e9bec (IMAQ) (2003-2024)<\/li>\n<li>Le Regroupement des assureurs de personnes \u00e0 charte du Qu\u00e9bec (RACQ) (1995-2015)<\/li>\n<\/ul>\n<p>Huis Clos abrite le si\u00e8ge social, organise les \u00e9v\u00e9nements, g\u00e8re les conseils et les comit\u00e9s et assure les services de support, tels que cotisations, comptabilit\u00e9 et finance.[\/vc_column_text][\/vc_column][\/vc_row]<\/p>\n","protected":false},"excerpt":{"rendered":"<p>[vc_row][vc_column css=\u00a0\u00bb.vc_custom_1444268393839{margin-bottom: -40px !important;}\u00a0\u00bb][\/vc_column][\/vc_row][vc_row flex_height=\u00a0\u00bbyes\u00a0\u00bb margin_bottom=\u00a0\u00bb0&Prime; padding_bottom=\u00a0\u00bb120&Prime;][vc_column width=\u00a0\u00bb1\/4&Prime; css=\u00a0\u00bb.vc_custom_1444246434213{margin-bottom: 20px !important;}\u00a0\u00bb][\/vc_column][vc_column width=\u00a0\u00bb3\/4&Prime;][vc_column_text animation=\u00a0\u00bbfadeInRight\u00a0\u00bb] Jean La Couture, FCPA. Dipl\u00f4m\u00e9 du HEC Montr\u00e9al, est admis \u00e0 l\u2019Institut des comptables agr\u00e9\u00e9s en 1967. Il re\u00e7oit le titre de Fellow de l\u2019Ordre des comptables professionnels agr\u00e9\u00e9s du Qu\u00e9bec en 1989. Il d\u00e9bute sa carri\u00e8re au Groupe Mallette (comptables agr\u00e9\u00e9s),<a class=\"eut-read-more\" href=\"http:\/\/huisclos.com\/\"><span>lire plus<\/span><\/a><\/p>\n","protected":false},"author":2,"featured_media":0,"parent":0,"menu_order":0,"comment_status":"closed","ping_status":"closed","template":"","meta":[],"_links":{"self":[{"href":"http:\/\/huisclos.com\/index.php\/wp-json\/wp\/v2\/pages\/2798"}],"collection":[{"href":"http:\/\/huisclos.com\/index.php\/wp-json\/wp\/v2\/pages"}],"about":[{"href":"http:\/\/huisclos.com\/index.php\/wp-json\/wp\/v2\/types\/page"}],"author":[{"embeddable":true,"href":"http:\/\/huisclos.com\/index.php\/wp-json\/wp\/v2\/users\/2"}],"replies":[{"embeddable":true,"href":"http:\/\/huisclos.com\/index.php\/wp-json\/wp\/v2\/comments?post=2798"}],"version-history":[{"count":98,"href":"http:\/\/huisclos.com\/index.php\/wp-json\/wp\/v2\/pages\/2798\/revisions"}],"predecessor-version":[{"id":7101,"href":"http:\/\/huisclos.com\/index.php\/wp-json\/wp\/v2\/pages\/2798\/revisions\/7101"}],"wp:attachment":[{"href":"http:\/\/huisclos.com\/index.php\/wp-json\/wp\/v2\/media?parent=2798"}],"curies":[{"name":"wp","href":"https:\/\/api.w.org\/{rel}","templated":true}]}}